{"id":14447,"date":"2022-05-23T09:37:54","date_gmt":"2022-05-23T06:37:54","guid":{"rendered":"http:\/\/palestine.amiroff.net\/refugees-and-displaced-persons\/"},"modified":"2022-05-23T16:13:22","modified_gmt":"2022-05-23T13:13:22","slug":"qacqin-ve-mecburi-kochkunler","status":"publish","type":"page","link":"https:\/\/embassyofpalestine.az\/az\/qacqin-ve-mecburi-kochkunler\/","title":{"rendered":"Qa\u00e7q\u0131n v\u0259 m\u0259cburi k\u00f6\u00e7k\u00fcnl\u0259r"},"content":{"rendered":"\t\t<div data-elementor-type=\"wp-page\" data-elementor-id=\"14447\" class=\"elementor elementor-14447 elementor-14241\">\n\t\t\t\t\t\t\t<div class=\"elementor-element elementor-element-33c04a8 e-con-boxed e-con\" data-id=\"33c04a8\" data-element_type=\"container\" data-settings=\"{&quot;background_background&quot;:&quot;classic&quot;,&quot;content_width&quot;:&quot;boxed&quot;}\">\n\t\t\t\t\t<div class=\"e-con-inner\">\n\t\t<div class=\"elementor-element elementor-element-f312818 e-con-boxed e-con\" data-id=\"f312818\" data-element_type=\"container\" data-settings=\"{&quot;content_width&quot;:&quot;boxed&quot;}\">\n\t\t\t\t\t<div class=\"e-con-inner\">\n\t\t\t\t<div class=\"elementor-element elementor-element-6b0f895 elementor-widget elementor-widget-text-editor\" data-id=\"6b0f895\" data-element_type=\"widget\" data-widget_type=\"text-editor.default\">\n\t\t\t\t<div class=\"elementor-widget-container\">\n\t\t\t<style>\/*! elementor - v3.8.1 - 13-11-2022 *\/\n.elementor-widget-text-editor.elementor-drop-cap-view-stacked .elementor-drop-cap{background-color:#818a91;color:#fff}.elementor-widget-text-editor.elementor-drop-cap-view-framed .elementor-drop-cap{color:#818a91;border:3px solid;background-color:transparent}.elementor-widget-text-editor:not(.elementor-drop-cap-view-default) .elementor-drop-cap{margin-top:8px}.elementor-widget-text-editor:not(.elementor-drop-cap-view-default) .elementor-drop-cap-letter{width:1em;height:1em}.elementor-widget-text-editor .elementor-drop-cap{float:left;text-align:center;line-height:1;font-size:50px}.elementor-widget-text-editor .elementor-drop-cap-letter{display:inline-block}<\/style>\t\t\t\t<p>M\u0259sih \u018fleyhissalam m.\u0259. 4-c\u00fc ild\u0259 Beytul L\u0259hmd\u0259 anadan olmu\u015fdur. Bu m\u00fcdd\u0259t 3 d\u00f6vr\u0259 b\u00f6l\u00fcnm\u00fc\u015fd\u00fcr :<br \/>(Birinci d\u00f6vr birba\u015fa olaraq M\u0259sihi izl\u0259mi\u015f v\u0259 R\u0259sul \u0259sri adland\u0131rl\u0131r. Miladi 30-95)<br \/>\u0130kinci d\u00f6vr bir \u0259sr\u0259 q\u0259d\u0259r uzan\u0131r. Birinci \u0259srin sonundan ikinci \u0259srin ax\u0131rlar\u0131na q\u0259d\u0259r.<br \/>\u00dc\u00e7\u00fcnc\u00fc is\u0259 Roma \u0130mperatoru Konstantinin m\u00fcq\u0259dd\u0259s anas\u0131 Hilanadan miladi 312-ci ild\u0259 xristianl\u0131\u011f\u0131 q\u0259bul etm\u0259si il\u0259 ba\u015fa \u00e7at\u0131r.<br \/>Miladi 3-c\u00fc \u0259srin 2-ci yar\u0131s\u0131nda iki \u0259mir \u201c\u018fzin\u0259\u201d v\u0259 ondan sonra arvad\u0131 \u201cZ\u0259nubiya\u201d vasit\u0259sil\u0259 Romaya qar\u015f\u0131 daxili inqilab ba\u015flad\u0131. \u201cOurelina\u201d ya imkan verildi ki, miladi 272-ci ild\u0259 bu c\u0259hd\u0259 m\u0259hdudiyy\u0259t qoysun. Bu da\u011f\u0131tmaq hesab\u0131na idi. Miladi 395-ci ild\u0259 Roma \u0130mperatorlu\u011fu 2 hiss\u0259y\u0259 b\u00f6l\u00fcnd\u00fc. \u015e\u0259rqi v\u0259 Q\u0259rbi. Habel\u0259 \u201cSiyudisyus\u201d \u00f6vladlar\u0131ndan birin\u0259 iddia olunur ki, bu \u201cArkadiyus\u201d dur \u015e\u0259rqi hiss\u0259ni miras qoydu. Ona m\u00fcst\u0259qil bir hakim olma\u011f\u0131 m\u0259sl\u0259h\u0259t g\u00f6rd\u00fc v\u0259 miladi 395-408-ci ill\u0259rd\u0259 \u0259mrl\u0259ri \u00f6hd\u0259sin\u0259 g\u00f6t\u00fcrd\u00fc. O 2-ci o\u011fluna (Hinuriyus) q\u0259rb hiss\u0259ni miras qoydu, h\u0259m\u00e7inin 395-423-c\u00fc ill\u0259rd\u0259 m\u00fcst\u0259qil olaraq onu idar\u0259 etdi. Konstantind\u0259n sonra miladi 527-ci il\u0259 q\u0259d\u0259r hakimiyy\u0259ti t\u0259qrib\u0259n 17 imperator \u0259l\u0259 ald\u0131. Onlar\u0131n aras\u0131nda 4-\u00fc taxt-tac\u0131 zorla \u0259l\u0259 alm\u0131\u015fd\u0131.<br \/>Qeyd olunur ki, \u0130kinci \u201cGistinyan Yustinus\u201d miladi 565-578-ci ill\u0259rd\u0259, \u0130kinci Tibariyus 578-582-ci ill\u0259rd\u0259, Moriyus 582-602-ci ill\u0259rd\u0259, Fukas 602-610-cu ill\u0259rd\u0259 v\u0259 Herkel 610-641-ci ill\u0259rd\u0259 bizans taxt-tac\u0131n\u0131 \u0259l\u0259 ke\u00e7irdi. Bizanslar v\u0259 sasanil\u0259r aras\u0131nda m\u00fcharib\u0259l\u0259r gah \u015fidd\u0259tl\u0259nir, gah da sakitl\u0259\u015firdi. \u0130ki d\u00f6vl\u0259t aras\u0131nda \u00e7oxlu sayda s\u00fclh sazi\u015fl\u0259ri v\u0259 m\u00fcqavil\u0259l\u0259ri ba\u011flan\u0131rd\u0131 ki, m\u00fcharib\u0259l\u0259r aradan qald\u0131r\u0131ls\u0131n v\u0259 bir daha iki \u00f6lk\u0259 aras\u0131nda m\u00fcharib\u0259l\u0259r ba\u015flamas\u0131n. Miladi 610-622-ci ill\u0259rd\u0259 farslar romal\u0131lar \u00fcz\u0259rin\u0259 h\u00fccuma ke\u00e7dil\u0259r v\u0259 onlara h\u0259ml\u0259 etm\u0259kd\u0259 qalib g\u0259ldil\u0259r. Miladi 614-c\u00fc ild\u0259 Antakiya, D\u0259m\u0259\u015fq, Beytul M\u00fcq\u0259dd\u0259si qar\u0259t etdil\u0259r. \u201c\u018fbruyiz\u201d m\u00fcq\u0259dd\u0259s xa\u00e7\u0131 \u0259l\u0259 ke\u00e7irdi. Dig\u0259r hadis\u0259l\u0259rl\u0259 b\u0259rab\u0259r m\u00fcharib\u0259 davam edirdi. \u0130ki d\u00f6vl\u0259ti z\u0259ifl\u0259tdil\u0259r, lakin onlar sasani d\u00f6vl\u0259tini s\u00fcquta yetir\u0259n \u0259r\u0259bl\u0259rin qar\u015f\u0131s\u0131nda dayana bilm\u0259dil\u0259r. Misiri v\u0259 \u015eam \u00f6lk\u0259l\u0259rini bizanslardan geri ald\u0131lar v\u0259 h\u0259lledici d\u00f6y\u00fc\u015f hicrinin 15-ci ilind\u0259 miladi 636-c\u0131 ild\u0259 Yermuk d\u00f6y\u00fc\u015f\u00fc oldu.<\/p>\t\t\t\t\t\t<\/div>\n\t\t\t\t<\/div>\n\t\t\t\t\t<\/div>\n\t\t\t\t<\/div>\n\t\t\t\t\t<\/div>\n\t\t\t\t<\/div>\n\t\t\t\t\t\t\t<\/div>\n\t\t","protected":false},"excerpt":{"rendered":"<p>M\u0259sih \u018fleyhissalam m.\u0259. 4-c\u00fc ild\u0259 Beytul L\u0259hmd\u0259 anadan olmu\u015fdur. Bu m\u00fcdd\u0259t 3 d\u00f6vr\u0259 b\u00f6l\u00fcnm\u00fc\u015fd\u00fcr : (Birinci d\u00f6vr birba\u015fa olaraq M\u0259sihi izl\u0259mi\u015f v\u0259 R\u0259sul \u0259sri adland\u0131rl\u0131r. Miladi 30-95) \u0130kinci d\u00f6vr bir \u0259sr\u0259 q\u0259d\u0259r uzan\u0131r. Birinci \u0259srin sonundan ikinci \u0259srin ax\u0131rlar\u0131na q\u0259d\u0259r. \u00dc\u00e7\u00fcnc\u00fc is\u0259 Roma \u0130mperatoru Konstantinin m\u00fcq\u0259dd\u0259s anas\u0131 Hilanadan miladi 312-ci ild\u0259 xristianl\u0131\u011f\u0131 q\u0259bul etm\u0259si il\u0259 [&hellip;]<\/p>\n","protected":false},"author":1,"featured_media":0,"parent":0,"menu_order":0,"comment_status":"closed","ping_status":"closed","template":"","meta":{"footnotes":""},"class_list":["post-14447","page","type-page","status-publish","hentry"],"_links":{"self":[{"href":"https:\/\/embassyofpalestine.az\/az\/wp-json\/wp\/v2\/pages\/14447","targetHints":{"allow":["GET"]}}],"collection":[{"href":"https:\/\/embassyofpalestine.az\/az\/wp-json\/wp\/v2\/pages"}],"about":[{"href":"https:\/\/embassyofpalestine.az\/az\/wp-json\/wp\/v2\/types\/page"}],"author":[{"embeddable":true,"href":"https:\/\/embassyofpalestine.az\/az\/wp-json\/wp\/v2\/users\/1"}],"replies":[{"embeddable":true,"href":"https:\/\/embassyofpalestine.az\/az\/wp-json\/wp\/v2\/comments?post=14447"}],"version-history":[{"count":0,"href":"https:\/\/embassyofpalestine.az\/az\/wp-json\/wp\/v2\/pages\/14447\/revisions"}],"wp:attachment":[{"href":"https:\/\/embassyofpalestine.az\/az\/wp-json\/wp\/v2\/media?parent=14447"}],"curies":[{"name":"wp","href":"https:\/\/api.w.org\/{rel}","templated":true}]}}